{"id":385,"date":"2013-06-11T02:33:43","date_gmt":"2013-06-11T02:33:43","guid":{"rendered":"https:\/\/www.chb.cl\/sitio\/?page_id=385"},"modified":"2025-02-19T16:04:12","modified_gmt":"2025-02-19T19:04:12","slug":"nivel-ensenanza-media","status":"publish","type":"page","link":"https:\/\/www.chb.cl\/sitio\/nivel-ensenanza-media\/","title":{"rendered":"Nivel ense\u00f1anza media"},"content":{"rendered":"<p>[et_pb_section fb_built=\u00bb1&#8243; admin_label=\u00bbsection\u00bb _builder_version=\u00bb4.16&#8243; global_colors_info=\u00bb{}\u00bb][et_pb_row _builder_version=\u00bb4.24.0&#8243; _module_preset=\u00bbdefault\u00bb animation_style=\u00bbfade\u00bb global_colors_info=\u00bb{}\u00bb][et_pb_column type=\u00bb4_4&#8243; _builder_version=\u00bb4.24.0&#8243; _module_preset=\u00bbdefault\u00bb global_colors_info=\u00bb{}\u00bb][et_pb_image src=\u00bbhttps:\/\/www.chb.cl\/sitio\/wp-content\/uploads\/2025\/02\/Photoroom-20250219_084135.png\u00bb title_text=\u00bbPhotoroom-20250219_084135&#8243; align=\u00bbcenter\u00bb _builder_version=\u00bb4.27.4&#8243; _module_preset=\u00bbdefault\u00bb width=\u00bb28%\u00bb hover_enabled=\u00bb0&#8243; global_colors_info=\u00bb{}\u00bb sticky_enabled=\u00bb0&#8243;][\/et_pb_image][\/et_pb_column][\/et_pb_row][et_pb_row admin_label=\u00bbrow\u00bb _builder_version=\u00bb4.24.0&#8243; background_size=\u00bbinitial\u00bb background_position=\u00bbtop_left\u00bb background_repeat=\u00bbrepeat\u00bb animation_style=\u00bbfade\u00bb global_colors_info=\u00bb{}\u00bb][et_pb_column type=\u00bb4_4&#8243; _builder_version=\u00bb4.16&#8243; custom_padding=\u00bb|||\u00bb global_colors_info=\u00bb{}\u00bb custom_padding__hover=\u00bb|||\u00bb][et_pb_text admin_label=\u00bbText\u00bb _builder_version=\u00bb4.27.4&#8243; background_size=\u00bbinitial\u00bb background_position=\u00bbtop_left\u00bb background_repeat=\u00bbrepeat\u00bb global_colors_info=\u00bb{}\u00bb]<\/p>\n<h3 style=\"text-align: center;\"><b>Jefe Unidad T\u00e9cnica Pedag\u00f3gica Educaci\u00f3n Media.<\/b><\/h3>\n<p style=\"text-align: center;\"><strong><span>Ren\u00e9 Delgado Almeida<\/span><\/strong><\/p>\n<p><span style=\"font-weight: 400;\"><\/span><\/p>\n<p><span style=\"font-weight: 400;\"><\/span><\/p>\n<p style=\"text-align: justify;\"><strong><span>\u00bfQu\u00e9 es la Unidad T\u00e9cnica Pedag\u00f3gica? (Educaci\u00f3n Media)<\/span><\/strong><\/p>\n<p style=\"text-align: justify;\"><span>Es la instancia responsable del diagn\u00f3stico, programaci\u00f3n, organizaci\u00f3n, planificaci\u00f3n, supervisi\u00f3n y evaluaci\u00f3n de las actividades curriculares del Colegio Hispano Brit\u00e1nico en el proceso de ense\u00f1anza-aprendizaje, a trav\u00e9s de la gesti\u00f3n y retroalimentaci\u00f3n de todo el quehacer t\u00e9cnico-pedag\u00f3gico, tales como: orientaci\u00f3n educacional y vocacional, planificaci\u00f3n curricular, supervisi\u00f3n pedag\u00f3gica, evaluaci\u00f3n del aprendizaje, entre otras; velando por el cumplimiento de las normativas vigentes del Ministerio de Educaci\u00f3n y del Proyecto Educativo Institucional.<\/span><\/p>\n<p style=\"text-align: justify;\"><span>El jefe de UTP efect\u00faa un rol de acompa\u00f1amiento en coordinaci\u00f3n con los Jefes de Departamento y profesores.<\/span><\/p>\n<p style=\"text-align: justify;\"><span>Es importante saber que de acuerdo al Art\u00edculo 72\u00b0 del Reglamento interno y Manual de Convivencia Escolar, que los padres y apoderados del Colegio Hispano Brit\u00e1nico, tienen el derecho a utilizar, de modo apropiado, los siguientes conductos regulares jer\u00e1rquicos de soluci\u00f3n de conflictos que afecten a su pupilo(a) en el \u00e1mbito acad\u00e9mico:<\/span><\/p>\n<ul style=\"text-align: justify;\">\n<li><span> <\/span><span>Profesor de Asignatura (primera Instancia)<\/span><\/li>\n<li><span> <\/span><span>Profesor Jefe (Segunda Instancia)<\/span><\/li>\n<li><span> <\/span><span>Coordinador Acad\u00e9mico (tercera Instancia)<\/span><\/li>\n<li><span> <\/span><span>Director (\u00daltima instancia)<\/span><\/li>\n<\/ul>\n<p style=\"text-align: justify;\"><strong><span>Entre sus funciones se encuentran:<\/span><\/strong><\/p>\n<ul style=\"text-align: justify;\">\n<li><span> <\/span><span>Lograr la excelencia acad\u00e9mica a trav\u00e9s del enfoque centrado en el estudiante.<\/span><\/li>\n<li><span> <\/span><span>Gesti\u00f3n pedag\u00f3gica de excelencia en el aula.<\/span><\/li>\n<li><span> <\/span><span>Alinear a los docentes en torno a un curriculum sociocognitivo centrado en el estudiante.<\/span><\/li>\n<li><span> <\/span><span>Desarrollar procedimientos y pr\u00e1cticas para lograr en los estudiantes un trabajo responsable y de manera independiente, conducido con dinamismo y rigurosidad conceptual, permitiendo avanzar en su desarrollo del conocimiento habilidades cognitivas, personales, sociales y afectivas.<\/span><\/li>\n<li><span> <\/span><span>Implementar estrategias y pr\u00e1cticas efectivas con lineamientos pedag\u00f3gicos comunes en forma sistem\u00e1tica y progresiva, con trabajo colaborativo para el logro de los aprendizajes en la implementaci\u00f3n del curr\u00edculum, incorporando procesos de evaluaci\u00f3n para la toma de decisiones.<\/span><\/li>\n<li><span> <\/span><span>Velar por el cumplimiento del Decreto 67 de Evaluaci\u00f3n y Promoci\u00f3n.<\/span><\/li>\n<li><span> <\/span><span>Establecer lineamientos educativo-formativos al interior de los diferentes niveles. Planificar y organizar las actividades t\u00e9cnico-pedag\u00f3gicas del a\u00f1o lectivo, de acuerdo a normativa vigente.<\/span><\/li>\n<li><span> <\/span><span>Organizar el curr\u00edculum en relaci\u00f3n a los objetivos del PEI.<\/span><\/li>\n<li><span> <\/span><span>Supervisar el cumplimiento y entrega a tiempo de los planes anuales, planificaciones, gu\u00edas, evaluaciones y calendarizaciones semestrales.<\/span><\/li>\n<li><span> <\/span><span>Coordinar y supervisar el trabajo acad\u00e9mico de los Jefes de Departamento.<\/span><\/li>\n<li><span> <\/span><span>Dirigir consejos de profesores y\/o consejos t\u00e9cnicos.<\/span><\/li>\n<li><span> <\/span><span>Coordinar y gestionar ensayos PAES a trav\u00e9s de la plataforma Puntaje Nacional.<\/span><\/li>\n<\/ul>\n<p style=\"text-align: justify;\"><strong><span>Objetivo.<\/span><\/strong><\/p>\n<p style=\"text-align: justify;\"><span>Alcanzar los objetivos pedag\u00f3gicos institucionales a trav\u00e9s de la gesti\u00f3n de los procesos t\u00e9cnico-pedag\u00f3gicos, planificando, implementando, impulsando, coordinando, asesorando y evaluando el desarrollo de las actividades curriculares; alineado a la visi\u00f3n y misi\u00f3n del colegio Hispano Brit\u00e1nico.<\/span><\/p>\n<p>[\/et_pb_text][\/et_pb_column][\/et_pb_row][et_pb_row column_structure=\u00bb1_2,1_2&#8243; _builder_version=\u00bb4.24.3&#8243; _module_preset=\u00bbdefault\u00bb global_colors_info=\u00bb{}\u00bb][et_pb_column type=\u00bb1_2&#8243; _builder_version=\u00bb4.24.3&#8243; _module_preset=\u00bbdefault\u00bb global_colors_info=\u00bb{}\u00bb][et_pb_button button_url=\u00bbhttps:\/\/www.chb.cl\/sitio\/wp-content\/uploads\/2024\/03\/Resultados-proceso-PAES-2024.pdf\u00bb button_text=\u00bbResultados proceso PAES 2024&#8243; button_alignment=\u00bbcenter\u00bb _builder_version=\u00bb4.24.3&#8243; _module_preset=\u00bbdefault\u00bb custom_button=\u00bbon\u00bb button_text_color=\u00bb#FFFFFF\u00bb button_bg_color=\u00bb#0C71C3&#8243; button_border_radius=\u00bb30px\u00bb button_font=\u00bbAlata||||||||\u00bb global_colors_info=\u00bb{}\u00bb][\/et_pb_button][\/et_pb_column][et_pb_column type=\u00bb1_2&#8243; _builder_version=\u00bb4.24.3&#8243; _module_preset=\u00bbdefault\u00bb global_colors_info=\u00bb{}\u00bb][et_pb_button button_url=\u00bbhttps:\/\/www.chb.cl\/sitio\/electivo-expresion-corporal-y-danza\/\u00bb button_text=\u00bbExtraescolar\u00bb button_alignment=\u00bbcenter\u00bb _builder_version=\u00bb4.24.3&#8243; _module_preset=\u00bbdefault\u00bb custom_button=\u00bbon\u00bb button_text_color=\u00bb#FFFFFF\u00bb button_bg_color=\u00bb#0C71C3&#8243; button_border_radius=\u00bb30px\u00bb button_font=\u00bbAlata||||||||\u00bb global_colors_info=\u00bb{}\u00bb][\/et_pb_button][\/et_pb_column][\/et_pb_row][\/et_pb_section]<\/p>\n","protected":false},"excerpt":{"rendered":"<p>Jefe Unidad T\u00e9cnica Pedag\u00f3gica Educaci\u00f3n Media. Ren\u00e9 Delgado Almeida \u00bfQu\u00e9 es la Unidad T\u00e9cnica Pedag\u00f3gica? (Educaci\u00f3n Media) Es la instancia responsable del diagn\u00f3stico, programaci\u00f3n, organizaci\u00f3n, planificaci\u00f3n, supervisi\u00f3n y evaluaci\u00f3n de [&hellip;]<\/p>\n","protected":false},"author":1,"featured_media":0,"parent":0,"menu_order":0,"comment_status":"closed","ping_status":"closed","template":"","meta":{"_et_pb_use_builder":"on","_et_pb_old_content":"[vc_row][vc_column][vc_single_image image=\"17695\" img_size=\"full\" alignment=\"center\"][vc_empty_space][vc_column_text]\r\n<h4 style=\"text-align: center;\"><b>Jefe Unidad T\u00e9cnica Pedag\u00f3gica Educaci\u00f3n Media.<\/b><\/h4>\r\n<h4 style=\"text-align: center;\"><span style=\"font-weight: 400;\">Jos\u00e9 Tellez Morales<\/span><\/h4>\r\n[\/vc_column_text][\/vc_column][\/vc_row][vc_row][vc_column][vc_empty_space][vc_column_text]<b>\u00bfQu\u00e9 es la Unidad T\u00e9cnica Pedag\u00f3gica? (Educaci\u00f3n Media)<\/b>\r\n\r\n<span style=\"font-weight: 400;\">Es la instancia responsable del diagn\u00f3stico, programaci\u00f3n, organizaci\u00f3n, planificaci\u00f3n, supervisi\u00f3n y evaluaci\u00f3n de las actividades curriculares del colegio Hispano Brit\u00e1nico en el proceso de ense\u00f1anza-aprendizaje, a trav\u00e9s de la gesti\u00f3n y retroalimentaci\u00f3n de todo el quehacer t\u00e9cnico-pedag\u00f3gico, tales como: orientaci\u00f3n educacional y vocacional, planificaci\u00f3n curricular, supervisi\u00f3n pedag\u00f3gica, evaluaci\u00f3n del aprendizaje, entre otras; velando por el cumplimiento de las normativas vigentes del Ministerio de Educaci\u00f3n y del Proyecto Educativo Institucional del Colegio.<\/span>\r\n\r\n<span style=\"font-weight: 400;\">El jefe de UTP efect\u00faa un rol de acompa\u00f1amiento en coordinaci\u00f3n con los Jefes de Departamento y profesores.<\/span>\r\n\r\n<span style=\"font-weight: 400;\">Es importante saber que de acuerdo al Art\u00edculo 72\u00b0 del Reglamento interno y Manual de Convivencia Escolar, que los padres y apoderados del Colegio Hispano Brit\u00e1nico, tienen el derecho a utilizar, de modo apropiado, los siguientes conductos regulares jer\u00e1rquicos de soluci\u00f3n de conflictos que afecten a su pupilo(a) en el \u00e1mbito acad\u00e9mico:<\/span>\r\n<ul>\r\n \t<li style=\"font-weight: 400;\" aria-level=\"1\"><span style=\"font-weight: 400;\">Profesor de Asignatura (primera Instancia)<\/span><\/li>\r\n \t<li style=\"font-weight: 400;\" aria-level=\"1\"><span style=\"font-weight: 400;\">Profesor Jefe (Segunda Instancia)<\/span><\/li>\r\n \t<li style=\"font-weight: 400;\" aria-level=\"1\"><span style=\"font-weight: 400;\">Coordinador Acad\u00e9mico (tercera Instancia)<\/span><\/li>\r\n \t<li style=\"font-weight: 400;\" aria-level=\"1\"><span style=\"font-weight: 400;\">Director (\u00daltima instancia)<\/span><\/li>\r\n<\/ul>\r\n<b>Entre sus funciones se encuentran:<\/b>\r\n<ul>\r\n \t<li style=\"font-weight: 400;\" aria-level=\"1\"><span style=\"font-weight: 400;\">Lograr la excelencia acad\u00e9mica a trav\u00e9s del enfoque centrado en el estudiante.<\/span><\/li>\r\n \t<li style=\"font-weight: 400;\" aria-level=\"1\"><span style=\"font-weight: 400;\">Gesti\u00f3n pedag\u00f3gica de excelencia en el aula.<\/span><\/li>\r\n \t<li style=\"font-weight: 400;\" aria-level=\"1\"><span style=\"font-weight: 400;\">Alinear a los docentes en torno a un curriculum sociocognitivo centrado en el estudiante.<\/span><\/li>\r\n \t<li style=\"font-weight: 400;\" aria-level=\"1\"><span style=\"font-weight: 400;\">Desarrollar procedimientos y pr\u00e1cticas para lograr en los estudiantes un trabajo responsable y de manera independiente, conducido con dinamismo y rigurosidad conceptual, permitiendo avanzar en su desarrollo del conocimiento habilidades cognitivas, personales, sociales y afectivas.<\/span><\/li>\r\n \t<li style=\"font-weight: 400;\" aria-level=\"1\"><span style=\"font-weight: 400;\">Implementar estrategias y pr\u00e1cticas efectivas con lineamientos pedag\u00f3gicos comunes en forma sistem\u00e1tica y progresiva, con trabajo colaborativo para el logro de los aprendizajes en la implementaci\u00f3n del curr\u00edculum, incorporando procesos de evaluaci\u00f3n para la toma de decisiones.<\/span><\/li>\r\n \t<li style=\"font-weight: 400;\" aria-level=\"1\"><span style=\"font-weight: 400;\">Velar por el cumplimiento del Decreto 67 de Evaluaci\u00f3n y Promoci\u00f3n.<\/span><\/li>\r\n \t<li style=\"font-weight: 400;\" aria-level=\"1\"><span style=\"font-weight: 400;\">Establecer lineamientos educativo-formativos al interior de los diferentes niveles. Planificar y organizar las actividades t\u00e9cnico-pedag\u00f3gicas del a\u00f1o lectivo, de acuerdo a normativa vigente.<\/span><\/li>\r\n \t<li style=\"font-weight: 400;\" aria-level=\"1\"><span style=\"font-weight: 400;\">Organizar el curr\u00edculum en relaci\u00f3n a los objetivos del PEI.<\/span><\/li>\r\n \t<li style=\"font-weight: 400;\" aria-level=\"1\"><span style=\"font-weight: 400;\">Supervisar el cumplimiento y entrega a tiempo de los planes anuales, planificaciones, gu\u00edas, evaluaciones y calendarizaciones semestrales.<\/span><\/li>\r\n \t<li style=\"font-weight: 400;\" aria-level=\"1\"><span style=\"font-weight: 400;\">Coordinar y supervisar el trabajo acad\u00e9mico de los Jefes de Departamento.<\/span><\/li>\r\n \t<li style=\"font-weight: 400;\" aria-level=\"1\"><span style=\"font-weight: 400;\">Dirigir consejos de profesores y\/o consejos t\u00e9cnicos.<\/span><\/li>\r\n \t<li style=\"font-weight: 400;\" aria-level=\"1\"><span style=\"font-weight: 400;\">Coordinar y gestionar ensayos PAES a trav\u00e9s de la plataforma Puntaje Nacional.<\/span><\/li>\r\n<\/ul>\r\n<b>Objetivo.<\/b>\r\n\r\n<span style=\"font-weight: 400;\">Alcanzar los objetivos pedag\u00f3gicos institucionales a trav\u00e9s de la gesti\u00f3n de los procesos t\u00e9cnico-pedag\u00f3gicos, planificando, implementando, impulsando, coordinando, asesorando y evaluando el desarrollo de las actividades curriculares; alineado a la visi\u00f3n y misi\u00f3n del colegio Hispano Brit\u00e1nico.<\/span>[\/vc_column_text][vc_empty_space][\/vc_column][\/vc_row][vc_row][vc_column width=\"1\/3\"][vc_btn title=\"Departamento de Humanidades\" color=\"primary\" align=\"center\" link=\"url:https%3A%2F%2Fwww.chb.cl%2Fsitio%2Fganadores-de-concurso-dia-del-libro-2023%2F\"][\/vc_column][vc_column width=\"1\/3\"][vc_btn title=\"Departamento de Ciencias\" color=\"primary\" align=\"center\" link=\"url:https%3A%2F%2Fwww.chb.cl%2Fsitio%2Fwp-content%2Fuploads%2F2022%2F06%2FInnovacion_-_Las-grandes-zonas-naturales-de-Chile-y-sus-paisajes_.pdf\"][\/vc_column][vc_column width=\"1\/3\"][vc_btn title=\"Departamento de Educaci\u00f3n F\u00edsica\" color=\"primary\" align=\"center\" link=\"url:https%3A%2F%2Fwww.chb.cl%2Fsitio%2Fcorrida-atletica-ensenanza-media-2022%2F\"][\/vc_column][\/vc_row][vc_row][vc_column width=\"1\/3\"][vc_btn title=\"Departamento de Tecnolog\u00eda, m\u00fasica y Artes\" color=\"primary\" align=\"center\" link=\"url:https%3A%2F%2Fwww.chb.cl%2Fsitio%2Fsemana-de-la-educacion-artistica%2F\"][\/vc_column][vc_column width=\"1\/3\"][vc_btn title=\"Charla Electividad III Medios\" color=\"primary\" align=\"center\" link=\"url:https%3A%2F%2Fwww.chb.cl%2Fsitio%2Fcharla-electividad-iii-medios%2F\"][\/vc_column][vc_column width=\"1\/3\"][vc_btn title=\"Plan Com\u00fan de formaci\u00f3n general electivo\" color=\"primary\" align=\"center\" link=\"url:https%3A%2F%2Fwww.chb.cl%2Fsitio%2Futp-media%2F\"][\/vc_column][\/vc_row][vc_row][vc_column width=\"1\/3\"][vc_btn title=\"Registro Fotogr\u00e1fico Actividades D\u00eda del Libro\" color=\"primary\" align=\"center\" link=\"url:https%3A%2F%2Fwww.chb.cl%2Fsitio%2Fregistro-fotografico-actividades-dia-del-libro%2F\"][\/vc_column][vc_column width=\"1\/3\"][vc_btn title=\"Departamento de Ingl\u00e9s\" color=\"primary\" align=\"center\" link=\"url:https%3A%2F%2Fwww.chb.cl%2Fsitio%2Frevisa-fotos-y-videos%2F\"][\/vc_column][vc_column width=\"1\/3\"][\/vc_column][\/vc_row][vc_row][vc_column][vc_column_text]\r\n<h4 style=\"text-align: center;\">Charlas Electividad 2023<\/h4>\r\nLos d\u00edas martes 09 y jueves 11 de agosto se dictaron las charlas de las asignaturas electivas para II y III medio, para el a\u00f1o 2023. La asistencia y participaci\u00f3n de los estudiantes fue muy alta, lo que se relaciona directamente con su preocupaci\u00f3n en descubrir y desarrollar sus intereses vocacionales.[\/vc_column_text][vc_empty_space][\/vc_column][\/vc_row][vc_section][vc_row][vc_column width=\"1\/2\"][vc_btn title=\"Charlas de Electividad\" color=\"primary\" align=\"center\" link=\"url:https%3A%2F%2Fwww.chb.cl%2Fsitio%2Fwp-content%2Fuploads%2F2022%2F08%2FCharlas-de-Electividad-2022.pdf\"][\/vc_column][vc_column width=\"1\/2\"][vc_btn title=\"Protocolo de Electividad III\u00b0-IV\u00b0 medio 2023\" color=\"primary\" align=\"center\" link=\"url:https%3A%2F%2Fwww.chb.cl%2Fsitio%2Fwp-content%2Fuploads%2F2022%2F09%2FProtocolo-de-Electividad-III%C2%B0-IV%C2%B0-medio-2023.docx.pdf\"][\/vc_column][\/vc_row][\/vc_section][vc_row][vc_column width=\"1\/2\"][vc_column_text]\r\n<h4>Charla III\u00b0 medio 2023<\/h4>\r\n[\/vc_column_text][vc_empty_space][vc_column_text]\r\n<p style=\"text-align: center;\"><iframe title=\"YouTube video player\" src=\"https:\/\/www.youtube.com\/embed\/UNAIhTAvVeA\" width=\"560\" height=\"315\" frameborder=\"0\" allowfullscreen=\"allowfullscreen\"><\/iframe><\/p>\r\n[\/vc_column_text][vc_empty_space][\/vc_column][vc_column width=\"1\/2\"][vc_column_text]\r\n<h4>Charla IV\u00b0 medio 2023<\/h4>\r\n[\/vc_column_text][vc_empty_space][vc_column_text]\r\n<p style=\"text-align: center;\"><iframe title=\"YouTube video player\" src=\"https:\/\/www.youtube.com\/embed\/M2w6zykLme4\" width=\"560\" height=\"315\" frameborder=\"0\" allowfullscreen=\"allowfullscreen\"><\/iframe><\/p>\r\n[\/vc_column_text][vc_empty_space][\/vc_column][\/vc_row]","_et_gb_content_width":"","footnotes":""},"class_list":["post-385","page","type-page","status-publish","hentry"],"_links":{"self":[{"href":"https:\/\/www.chb.cl\/sitio\/wp-json\/wp\/v2\/pages\/385","targetHints":{"allow":["GET"]}}],"collection":[{"href":"https:\/\/www.chb.cl\/sitio\/wp-json\/wp\/v2\/pages"}],"about":[{"href":"https:\/\/www.chb.cl\/sitio\/wp-json\/wp\/v2\/types\/page"}],"author":[{"embeddable":true,"href":"https:\/\/www.chb.cl\/sitio\/wp-json\/wp\/v2\/users\/1"}],"replies":[{"embeddable":true,"href":"https:\/\/www.chb.cl\/sitio\/wp-json\/wp\/v2\/comments?post=385"}],"version-history":[{"count":0,"href":"https:\/\/www.chb.cl\/sitio\/wp-json\/wp\/v2\/pages\/385\/revisions"}],"wp:attachment":[{"href":"https:\/\/www.chb.cl\/sitio\/wp-json\/wp\/v2\/media?parent=385"}],"curies":[{"name":"wp","href":"https:\/\/api.w.org\/{rel}","templated":true}]}}