{"id":8676,"date":"2021-05-10T22:25:41","date_gmt":"2021-05-10T22:25:41","guid":{"rendered":"https:\/\/www.chb.cl\/sitio\/?page_id=8676"},"modified":"2026-04-15T12:13:17","modified_gmt":"2026-04-15T15:13:17","slug":"medioambiente","status":"publish","type":"page","link":"https:\/\/www.chb.cl\/sitio\/medioambiente\/","title":{"rendered":"Medioambiente"},"content":{"rendered":"<p>[et_pb_section fb_built=\u00bb1&#8243; _builder_version=\u00bb4.16&#8243; global_colors_info=\u00bb{}\u00bb][et_pb_row _builder_version=\u00bb4.24.0&#8243; _module_preset=\u00bbdefault\u00bb global_colors_info=\u00bb{}\u00bb][et_pb_column type=\u00bb4_4&#8243; _builder_version=\u00bb4.24.0&#8243; _module_preset=\u00bbdefault\u00bb global_colors_info=\u00bb{}\u00bb][et_pb_image src=\u00bbhttps:\/\/www.chb.cl\/sitio\/wp-content\/uploads\/2024\/01\/PRINCIPAL-scaled-1.jpg\u00bb title_text=\u00bbPRINCIPAL-scaled\u00bb url=\u00bbhttps:\/\/www.chb.cl\/sitio\/el-colegio-hispano-britanico-obtiene-su-certificacion-ambiental-en-el-nivel-de-excelencia\/\u00bb _builder_version=\u00bb4.24.0&#8243; _module_preset=\u00bbdefault\u00bb global_colors_info=\u00bb{}\u00bb][\/et_pb_image][\/et_pb_column][\/et_pb_row][et_pb_row _builder_version=\u00bb4.24.0&#8243; _module_preset=\u00bbdefault\u00bb global_colors_info=\u00bb{}\u00bb][et_pb_column type=\u00bb4_4&#8243; _builder_version=\u00bb4.24.0&#8243; _module_preset=\u00bbdefault\u00bb global_colors_info=\u00bb{}\u00bb][et_pb_text _builder_version=\u00bb4.24.0&#8243; _module_preset=\u00bbdefault\u00bb global_colors_info=\u00bb{}\u00bb]<\/p>\n<p class=\"p1\">Colegio Hispano Brit\u00e1nico, en el marco de su compromiso con el medioambiente, ha creado este espacio para la difusi\u00f3n de noticias, actividades y efem\u00e9rides atingentes al cuidado y respeto de nuestra naturaleza y entorno.<\/p>\n<p class=\"\"><strong>\u00a1POR NUESTROS HIJOS Y SUS HIJOS!<\/strong><\/p>\n<p class=\"\">Leyendo los siguientes mensajes, invitamos a nuestros Padres y Apoderados a reflexionar en familia sobre c\u00f3mo actuamos con nuestra madre tierra.<\/p>\n<p class=\"\">Uno de los errores m\u00e1s grandes es no hacer nada porque pensamos que podemos hacer s\u00f3lo un poco.\u00a0Recicla, Reutiliza, \u00a0Reduce,\u00a0cada esfuerzo vale.<\/p>\n<p class=\"\">T\u00fa decides\u2026 Qu\u00e9 mundo quieres dejar para tus hijos.<\/p>\n<p>[\/et_pb_text][\/et_pb_column][\/et_pb_row][et_pb_row column_structure=\u00bb1_2,1_2&#8243; _builder_version=\u00bb4.24.0&#8243; _module_preset=\u00bbdefault\u00bb global_colors_info=\u00bb{}\u00bb][et_pb_column type=\u00bb1_2&#8243; _builder_version=\u00bb4.24.0&#8243; _module_preset=\u00bbdefault\u00bb global_colors_info=\u00bb{}\u00bb][et_pb_gallery gallery_ids=\u00bb32456,32454,32455,32453&#8243; fullwidth=\u00bbon\u00bb _builder_version=\u00bb4.24.0&#8243; _module_preset=\u00bbdefault\u00bb auto=\u00bbon\u00bb auto_speed=\u00bb3000&#8243; global_colors_info=\u00bb{}\u00bb][\/et_pb_gallery][et_pb_image src=\u00bbhttps:\/\/www.chb.cl\/sitio\/wp-content\/uploads\/2024\/01\/memoria-efectos-de-cambio-climatico.png\u00bb title_text=\u00bbmemoria efectos de cambio climatico\u00bb url=\u00bbhttps:\/\/www.chb.cl\/sitio\/memoria-cambio-climatico\/\u00bb _builder_version=\u00bb4.24.0&#8243; _module_preset=\u00bbdefault\u00bb global_colors_info=\u00bb{}\u00bb][\/et_pb_image][et_pb_image src=\u00bbhttps:\/\/www.chb.cl\/sitio\/wp-content\/uploads\/2024\/01\/Captura-de-pantalla-2023-12-18-111819.png\u00bb title_text=\u00bbCaptura-de-pantalla-2023-12-18-111819&#8243; url=\u00bbhttps:\/\/arclim.mma.gob.cl\/\u00bb _builder_version=\u00bb4.24.0&#8243; _module_preset=\u00bbdefault\u00bb border_radii=\u00bbon|10px|10px|10px|10px\u00bb global_colors_info=\u00bb{}\u00bb][\/et_pb_image][\/et_pb_column][et_pb_column type=\u00bb1_2&#8243; _builder_version=\u00bb4.24.0&#8243; _module_preset=\u00bbdefault\u00bb global_colors_info=\u00bb{}\u00bb][et_pb_image src=\u00bbhttps:\/\/www.chb.cl\/sitio\/wp-content\/uploads\/2026\/04\/Calendario-Ambiental-2026_page-0001-fotor-2026041591426-scaled.jpg\u00bb title_text=\u00bbCalendario-Ambiental-2026_page-0001-fotor-2026041591426&#8243; _builder_version=\u00bb4.27.6&#8243; _module_preset=\u00bbdefault\u00bb animation_style=\u00bbfade\u00bb hover_enabled=\u00bb0&#8243; border_radii=\u00bbon|10px|10px|10px|10px\u00bb global_colors_info=\u00bb{}\u00bb sticky_enabled=\u00bb0&#8243;][\/et_pb_image][\/et_pb_column][\/et_pb_row][et_pb_row _builder_version=\u00bb4.24.0&#8243; _module_preset=\u00bbdefault\u00bb global_colors_info=\u00bb{}\u00bb][et_pb_column type=\u00bb4_4&#8243; _builder_version=\u00bb4.24.0&#8243; _module_preset=\u00bbdefault\u00bb global_colors_info=\u00bb{}\u00bb][et_pb_image src=\u00bbhttps:\/\/www.chb.cl\/sitio\/wp-content\/uploads\/2024\/01\/flora-y-fauna-slide-07.png\u00bb title_text=\u00bbflora-y-fauna-slide-07&#8243; url=\u00bbhttps:\/\/www.chb.cl\/sitio\/galeria-flora-y-fauna\/\u00bb _builder_version=\u00bb4.24.0&#8243; _module_preset=\u00bbdefault\u00bb global_colors_info=\u00bb{}\u00bb][\/et_pb_image][\/et_pb_column][\/et_pb_row][\/et_pb_section]<\/p>\n","protected":false},"excerpt":{"rendered":"<p>Colegio Hispano Brit\u00e1nico, en el marco de su compromiso con el medioambiente, ha creado este espacio para la difusi\u00f3n de noticias, actividades y efem\u00e9rides atingentes al cuidado y respeto de [&hellip;]<\/p>\n","protected":false},"author":1,"featured_media":0,"parent":0,"menu_order":0,"comment_status":"closed","ping_status":"closed","template":"","meta":{"_et_pb_use_builder":"on","_et_pb_old_content":"<p>[et_pb_section][et_pb_row][et_pb_column type=\"4_4\"][et_pb_text]<\/p><p>[vc_row][vc_column][vc_separator][vc_empty_space][vc_single_image image=\"14946\" img_size=\"full\" alignment=\"center\" onclick=\"custom_link\" link=\"https:\/\/www.chb.cl\/sitio\/actitud-verde\/\"][vc_empty_space][vc_separator][\/vc_column][\/vc_row][vc_row][vc_column][vc_separator][vc_empty_space][vc_single_image image=\"17121\" img_size=\"full\" onclick=\"custom_link\" link=\"https:\/\/www.chb.cl\/sitio\/el-colegio-hispano-britanico-obtiene-su-certificacion-ambiental-en-el-nivel-de-excelencia\/\"][vc_empty_space][vc_separator][\/vc_column][\/vc_row][vc_row][vc_column width=\"1\/2\"][vc_gallery interval=\"3\" images=\"9923,9924,9925,9926\" img_size=\"full\"][\/vc_column][vc_column width=\"1\/2\"][vc_empty_space][vc_empty_space][vc_empty_space][vc_empty_space][vc_empty_space][vc_column_text]<\/p><p class=\"p1\">Colegio Hispano Brit\u00e1nico, en el marco de su compromiso con el medioambiente, ha creado este espacio para la difusi\u00f3n de noticias, actividades y efem\u00e9rides atingentes al cuidado y respeto de nuestra naturaleza y entorno.<\/p><p class=\"\"><strong>\u00a1POR NUESTROS HIJOS Y SUS HIJOS!<\/strong><\/p><p class=\"\">Leyendo los siguientes mensajes, invitamos a nuestros Padres y Apoderados a reflexionar en familia sobre c\u00f3mo actuamos con nuestra madre tierra.<\/p><p class=\"\">Uno de los errores m\u00e1s grandes es no hacer nada porque pensamos que podemos hacer s\u00f3lo un poco.\u00a0Recicla, Reutiliza, \u00a0Reduce,\u00a0cada esfuerzo vale.<\/p><p class=\"\">T\u00fa decides\u2026 Qu\u00e9 mundo quieres dejar para tus hijos.<\/p><p>[\/vc_column_text][\/vc_column][\/vc_row][vc_row][vc_column width=\"1\/2\"][vc_empty_space][vc_hoverbox image=\"9932\" primary_title=\"Memoria - Efectos del cambio clim\u00e1tico\" primary_align=\"justify\" primary_title_font_container=\"color:%23ffffff\" primary_title_google_fonts=\"font_family:Abel%3Aregular|font_style:400%20regular%3A400%3Anormal\" hover_title=\"\" hover_btn_title=\"M\u00e1s informaci\u00f3n\" hover_btn_color=\"green\" use_custom_fonts_primary_title=\"true\" hover_add_button=\"true\" hover_btn_link=\"url:https%3A%2F%2Fwww.chb.cl%2Fsitio%2Fmemoria-cambio-climatico%2F\"]\u00bfHan visto los devastadores desastres ambientales en diferentes partes del mundo? De verdad el cambio clim\u00e1tico est\u00e1 acelerando con fuerza. En esta secci\u00f3n encontrar\u00e1s algunos videos para reflexionar.[\/vc_hoverbox][vc_empty_space][\/vc_column][vc_column width=\"1\/2\"][vc_empty_space][vc_hoverbox image=\"23057\" primary_title=\"\" primary_align=\"justify\" primary_title_font_container=\"color:%23ffffff\" primary_title_google_fonts=\"font_family:Abel%3Aregular|font_style:400%20regular%3A400%3Anormal\" hover_title=\"\" hover_btn_title=\"M\u00e1s informaci\u00f3n\" hover_btn_color=\"green\" use_custom_fonts_primary_title=\"true\" hover_add_button=\"true\" hover_btn_link=\"url:https%3A%2F%2Farclim.mma.gob.cl%2F%23%3A~%3Atext%3DARClim%2520es%2520un%2520proyecto%2520del%2Cdesarrollado%2520por%2520el%2520Centro%2520de\"]Bienvenidos a ARClim, el Atlas de Riesgos Clim\u00e1ticos para Chile, un proyecto del Ministerio del Medio Ambiente del Gobierno de Chile, desarrollado por el Centro de Investigaci\u00f3n del Clima y la Resiliencia (CR2) y el Centro de Cambio Global (CCG-Universidad Cat\u00f3lica de Chile) con la colaboraci\u00f3n de otras instituciones nacionales e internacionales.[\/vc_hoverbox][vc_empty_space][\/vc_column][\/vc_row][vc_row][vc_column][vc_empty_space][vc_btn title=\"Forjadores Ambientales\" color=\"green\" size=\"lg\" align=\"center\" i_icon_fontawesome=\"fas fa-tree\" button_block=\"true\" add_icon=\"true\" link=\"url:https%3A%2F%2Fwww.chb.cl%2Fsitio%2Fforjadores-ambientales%2F\"][vc_empty_space][vc_empty_space][vc_empty_space][vc_hoverbox image=\"9929\" primary_title=\"Participa en la campa\u00f1a Hispano Recicla\" primary_title_font_container=\"color:%23ffffff\" primary_title_google_fonts=\"font_family:Abel%3Aregular|font_style:400%20regular%3A400%3Anormal\" hover_title=\"\" hover_btn_title=\"M\u00e1s informaci\u00f3n\" hover_btn_color=\"green\" use_custom_fonts_primary_title=\"true\" hover_add_button=\"true\" hover_btn_link=\"url:https%3A%2F%2Fwww.chb.cl%2Fsitio%2Fhispano-recicla%2F\"]#HispanoRecicla es\u00a0una iniciativa que retoma la cultura de reciclaje y cuidado del medioambiente que ha posicionado a Hispano Brit\u00e1nico en la regi\u00f3n como Colegio Reciclador, luego de un receso provocado por la pandemia Covid-19.[\/vc_hoverbox][vc_empty_space][vc_column_text]<\/p><div dir=\"ltr\"><h2>Accede aqu\u00ed a Ecobiblioteca:<\/h2><\/div><p>[\/vc_column_text][vc_empty_space][vc_single_image image=\"12373\" img_size=\"full\" onclick=\"custom_link\" link=\"https:\/\/www.chb.cl\/sitio\/ecobiblioteca\/\"][vc_empty_space][vc_hoverbox image=\"10637\" primary_title=\"Puntos de recicla en colegio Hispano Brit\u00e1nico\" primary_title_font_container=\"color:%23ffffff\" primary_title_google_fonts=\"font_family:Abel%3Aregular|font_style:400%20regular%3A400%3Anormal\" hover_title=\"\" hover_btn_title=\"Mas Informaci\u00f3n\" hover_btn_color=\"green\" use_custom_fonts_primary_title=\"true\" use_custom_fonts_hover_title=\"true\" hover_add_button=\"true\" hover_btn_link=\"url:https%3A%2F%2Fwww.chb.cl%2Fsitio%2Fpuntos-de-reciclaje-en-colegio-hispano-britanico%2F\"]Hispano Brit\u00e1nico, consciente de que el cuidado del medioambiente es fundamental para mejorar nuestra calidad de vida y salud, ha implementado\u00a0<strong>puntos limpios<\/strong>, distribuidos por todo el colegio para separar los desechos y reciclarlos posteriormente.[\/vc_hoverbox][\/vc_column][\/vc_row][vc_row][vc_column width=\"1\/3\"][vc_empty_space][vc_empty_space][vc_empty_space][vc_btn title=\"Actividades Medioambientales 2023\" color=\"primary\" link=\"url:https%3A%2F%2Fwww.chb.cl%2Fsitio%2Factividades-medioambientales-2023%2F\"][\/vc_column][vc_column width=\"1\/3\"][vc_empty_space][vc_empty_space][vc_empty_space][vc_btn title=\"Arte y Reciclaje\" color=\"primary\" link=\"url:https%3A%2F%2Fwww.chb.cl%2Fsitio%2Fgrullas-y-animales-reciclados-en-hispano-britanico%2F\"][\/vc_column][vc_column width=\"1\/3\"][vc_empty_space][vc_empty_space][vc_empty_space][vc_btn title=\"Dia internacional contra el cambio clim\u00e1tico\" color=\"primary\" link=\"url:https%3A%2F%2Fwww.chb.cl%2Fsitio%2Fdia-contra-el-cambio-climatico%2F\"][\/vc_column][\/vc_row][vc_row][vc_column width=\"1\/3\"][vc_empty_space][vc_btn title=\"D\u00eda Nacional del Medio Ambiente\" color=\"primary\" link=\"url:https%3A%2F%2Fwww.chb.cl%2Fsitio%2Fdia-nacional-del-medio-ambiente%2F\"][\/vc_column][vc_column width=\"1\/3\"][vc_empty_space][vc_btn title=\"Tips para Fiestas Patrias\" color=\"primary\" align=\"left\" link=\"url:https%3A%2F%2Fwww.chb.cl%2Fsitio%2Ftips-para-el-fiestas-patrias%2F\"][\/vc_column][vc_column width=\"1\/3\"][vc_empty_space][vc_btn title=\"D\u00eda internacional de la capa de ozono\" color=\"primary\" link=\"url:https%3A%2F%2Fwww.chb.cl%2Fsitio%2Fla-capa-de-ozono%2F\"][\/vc_column][\/vc_row][vc_row][vc_column width=\"1\/3\"][vc_empty_space][vc_btn title=\"D\u00eda de las Aves Playeras\" color=\"primary\" link=\"url:https%3A%2F%2Fwww.chb.cl%2Fsitio%2Fdia-de-las-aves-playeras%2F\"][\/vc_column][vc_column width=\"1\/3\"][vc_empty_space][vc_btn title=\"D\u00eda contra la Sequ\u00eda\" color=\"primary\" link=\"url:https%3A%2F%2Fwww.chb.cl%2Fsitio%2Fdia-contra-la-sequia%2F|target:_blank\"][\/vc_column][vc_column width=\"1\/3\"][vc_empty_space][vc_btn title=\"D\u00eda Mundial de las Abejas\" color=\"primary\" link=\"url:https%3A%2F%2Fwww.chb.cl%2Fsitio%2Fdia-mundial-de-las-abejas%2F|target:_blank\"][\/vc_column][\/vc_row][vc_row][vc_column width=\"1\/3\"][vc_empty_space][vc_btn title=\"D\u00eda mundial del \u00e1rbol\" color=\"primary\" link=\"url:https%3A%2F%2Fwww.chb.cl%2Fsitio%2Fdia-mundial-del-arbol-2021%2F|target:_blank\"][\/vc_column][vc_column width=\"1\/3\"][vc_empty_space][vc_btn title=\"D\u00eda Internacional de las Aves\" color=\"primary\" link=\"url:https%3A%2F%2Fwww.chb.cl%2Fsitio%2Faves%2F|target:_blank\"][\/vc_column][vc_column width=\"1\/3\"][vc_empty_space][vc_btn title=\"D\u00eda Internacional de los parques Nacionales\" color=\"primary\" link=\"url:https%3A%2F%2Fwww.chb.cl%2Fsitio%2Fdia-internacional-de-los-parques-nacionales%2F\"][\/vc_column][\/vc_row][vc_row][vc_column width=\"1\/3\"][vc_empty_space][vc_btn title=\"D\u00eda de la Prohibici\u00f3n de las bolsas pl\u00e1sticas\" color=\"primary\" link=\"url:https%3A%2F%2Fwww.chb.cl%2Fsitio%2Fbolsas-plasticas%2F\"][\/vc_column][vc_column width=\"1\/3\"][vc_empty_space][vc_btn title=\"Consejos para reducir el consumo de pl\u00e1stico\" color=\"primary\" link=\"url:https%3A%2F%2Fwww.chb.cl%2Fsitio%2Fconsejos-para-reducir-el-plastico%2F|target:_blank\"][\/vc_column][vc_column width=\"1\/3\"][vc_empty_space][vc_btn title=\"Galer\u00eda Flora y Fauna\" color=\"primary\" link=\"url:https%3A%2F%2Fwww.chb.cl%2Fsitio%2Fgaleria-flora-y-fauna%2F|target:_blank\"][\/vc_column][\/vc_row][vc_row][vc_column][vc_empty_space][vc_single_image image=\"17092\" img_size=\"full\"][\/vc_column][\/vc_row]<\/p><p>[\/et_pb_text][\/et_pb_column][\/et_pb_row][\/et_pb_section]<\/p>","_et_gb_content_width":"","footnotes":""},"class_list":["post-8676","page","type-page","status-publish","hentry"],"_links":{"self":[{"href":"https:\/\/www.chb.cl\/sitio\/wp-json\/wp\/v2\/pages\/8676","targetHints":{"allow":["GET"]}}],"collection":[{"href":"https:\/\/www.chb.cl\/sitio\/wp-json\/wp\/v2\/pages"}],"about":[{"href":"https:\/\/www.chb.cl\/sitio\/wp-json\/wp\/v2\/types\/page"}],"author":[{"embeddable":true,"href":"https:\/\/www.chb.cl\/sitio\/wp-json\/wp\/v2\/users\/1"}],"replies":[{"embeddable":true,"href":"https:\/\/www.chb.cl\/sitio\/wp-json\/wp\/v2\/comments?post=8676"}],"version-history":[{"count":0,"href":"https:\/\/www.chb.cl\/sitio\/wp-json\/wp\/v2\/pages\/8676\/revisions"}],"wp:attachment":[{"href":"https:\/\/www.chb.cl\/sitio\/wp-json\/wp\/v2\/media?parent=8676"}],"curies":[{"name":"wp","href":"https:\/\/api.w.org\/{rel}","templated":true}]}}